{"id":2093,"date":"2013-04-28T01:31:56","date_gmt":"2013-04-27T22:31:56","guid":{"rendered":"http:\/\/www.saitem.org\/2013t\/?page_id=2093"},"modified":"2023-06-12T21:07:43","modified_gmt":"2023-06-12T18:07:43","slug":"shell-eco-marathon","status":"publish","type":"page","link":"https:\/\/www.saitem.org\/tr\/shell-eco-marathon\/","title":{"rendered":"Shell Eco Marathon"},"content":{"rendered":"<p>&nbsp;<\/p>\n<p><a href=\"http:\/\/www.saitem.org\/2013t\/wp-content\/uploads\/2013\/04\/IMG_1232.jpg\"><img decoding=\"async\" loading=\"lazy\" width=\"800\" height=\"533\" class=\"aligncenter size-full wp-image-2659\" alt=\"IMG_1232\" src=\"http:\/\/www.saitem.org\/2013t\/wp-content\/uploads\/2013\/04\/IMG_1232.jpg\" srcset=\"https:\/\/www.saitem.org\/tr\/wp-content\/uploads\/2013\/04\/IMG_1232.jpg 800w, https:\/\/www.saitem.org\/tr\/wp-content\/uploads\/2013\/04\/IMG_1232-300x199.jpg 300w\" sizes=\"(max-width: 800px) 100vw, 800px\" \/><\/a><\/p>\n<p style=\"text-align: justify;\"><span style=\"color: #000000;\">\u00a0 \u00a0Shell Global\u2019in \u00fcniversite ve y\u00fcksek okul \u00f6\u011frencilerini enerji tasarrufu ve \u00e7evre bilinci konular\u0131nda bilgilendirmek ve s\u00fcrd\u00fcr\u00fclebilir kalk\u0131nmaya te\u015fvik etmek amac\u0131yla d\u00fczenledi\u011fi Shell Eco Marathon \u00a0Europe, \u00a01985 y\u0131l\u0131ndan itibaren her y\u0131l d\u00fczenlenmektedir. Aralar\u0131nda T\u00fcrkiye\u2019 nin de bulundu\u011fu \u00e7ok say\u0131da Avrupa \u00fclkesinden yar\u0131\u015fa\u00a0 kat\u0131l\u0131m g\u00f6steren gelece\u011fin m\u00fchendis adaylar\u0131 bu etkinlikle ara\u00e7 \u00fcretiminin yan\u0131 s\u0131ra, strateji geli\u015ftirme ve uygulama alan\u0131ndaki yeteneklerini g\u00f6sterme f\u0131rsat\u0131 da buluyor.<\/span><\/p>\n<p style=\"text-align: justify;\"><span style=\"color: #000000;\">\u00a0 \u00a0Shell Eco-Marathon\u2019da yar\u0131\u015f \u201cPrototip (Prototype)\u201d ve \u201c\u015eehir Konsepti (Urban Concept)\u201d adl\u0131\u00a0 iki ayr\u0131 kategoride d\u00fczenlenmektedir. Prototipler; gelece\u011fe d\u00f6n\u00fck f\u00fct\u00fcristik tasar\u0131mlara sahip olup, gelece\u011fin otomobillerini yans\u0131t\u0131rken, \u015fehir konsepti otomobilleri ise geleneksel ta\u015f\u0131tlardan ilham al\u0131narak tasarlanmaktad\u0131r, d\u0131\u015f g\u00f6r\u00fcn\u00fc\u015f ve ergonomi a\u00e7\u0131s\u0131ndan g\u00fcnl\u00fck ya\u015fant\u0131m\u0131zda kulland\u0131\u011f\u0131m\u0131z otomobil modellerine benzemektedir.<\/span><\/p>\n<p style=\"text-align: justify;\"><span style=\"color: #000000;\">\u00a0 \u00a0\u201cEn az yak\u0131tla en uzun mesafe\u201d hedefiyle k\u0131yas\u0131ya bir yar\u0131\u015fa sahne olan ve her y\u0131l onlarca farkl\u0131 \u00fclkeden 200\u2019den fazla projenin yar\u0131\u015ft\u0131\u011f\u0131 Shell Eco-marathon, son 3 y\u0131ld\u0131r Hollanda&#8217;n\u0131n Rotterdam kentinde yap\u0131lmaktad\u0131r. \u0130lk olarak 2008 y\u0131l\u0131nda Hidrojen enerjili ara\u00e7lar kategorisinde kat\u0131ld\u0131\u011f\u0131m\u0131z bu yar\u0131\u015fta Avrupa 3.&#8217;l\u00fc\u011f\u00fc derecesini elde ettik ve 2009 y\u0131l\u0131nda da bu ba\u015far\u0131m\u0131z\u0131 devam ettirdik. Daha sonra 2012 y\u0131l\u0131nda Batarya elektrik kategorisinde kat\u0131ld\u0131\u011f\u0131m\u0131z yar\u0131\u015fta Avrupa 7.&#8217;li\u011fi ve T\u00fcrkiye 1.&#8217;li\u011fi derecesini ald\u0131k. 2013 ve 2014 y\u0131llar\u0131nda ayn\u0131 kategoride kat\u0131ld\u0131\u011f\u0131m\u0131z yar\u0131\u015flarda T\u00fcrkiye 1.&#8217;si olurken, 2013 y\u0131l\u0131nda Avrupa 7.&#8217;li\u011fi ve 2014 y\u0131l\u0131nda da Avrupa 8.&#8217;li\u011fi derecelerini elde ettik.\u00a0<\/span><\/p>\n","protected":false},"excerpt":{"rendered":"<p>&nbsp; \u00a0 \u00a0Shell Global\u2019in \u00fcniversite ve y\u00fcksek okul \u00f6\u011frencilerini enerji tasarrufu ve \u00e7evre bilinci konular\u0131nda bilgilendirmek ve s\u00fcrd\u00fcr\u00fclebilir kalk\u0131nmaya te\u015fvik etmek amac\u0131yla d\u00fczenledi\u011fi Shell Eco Marathon \u00a0Europe, \u00a01985 y\u0131l\u0131ndan itibaren her y\u0131l d\u00fczenlenmektedir. Aralar\u0131nda T\u00fcrkiye\u2019 nin de bulundu\u011fu \u00e7ok say\u0131da Avrupa \u00fclkesinden yar\u0131\u015fa\u00a0 kat\u0131l\u0131m g\u00f6steren gelece\u011fin m\u00fchendis adaylar\u0131 bu etkinlikle ara\u00e7 \u00fcretiminin yan\u0131 s\u0131ra, strateji [&hellip;]<\/p>\n","protected":false},"author":1,"featured_media":0,"parent":0,"menu_order":0,"comment_status":"closed","ping_status":"open","template":"","meta":[],"_links":{"self":[{"href":"https:\/\/www.saitem.org\/tr\/wp-json\/wp\/v2\/pages\/2093"}],"collection":[{"href":"https:\/\/www.saitem.org\/tr\/wp-json\/wp\/v2\/pages"}],"about":[{"href":"https:\/\/www.saitem.org\/tr\/wp-json\/wp\/v2\/types\/page"}],"author":[{"embeddable":true,"href":"https:\/\/www.saitem.org\/tr\/wp-json\/wp\/v2\/users\/1"}],"replies":[{"embeddable":true,"href":"https:\/\/www.saitem.org\/tr\/wp-json\/wp\/v2\/comments?post=2093"}],"version-history":[{"count":6,"href":"https:\/\/www.saitem.org\/tr\/wp-json\/wp\/v2\/pages\/2093\/revisions"}],"predecessor-version":[{"id":5944,"href":"https:\/\/www.saitem.org\/tr\/wp-json\/wp\/v2\/pages\/2093\/revisions\/5944"}],"wp:attachment":[{"href":"https:\/\/www.saitem.org\/tr\/wp-json\/wp\/v2\/media?parent=2093"}],"curies":[{"name":"wp","href":"https:\/\/api.w.org\/{rel}","templated":true}]}}