{"id":2085,"date":"2013-04-28T01:27:11","date_gmt":"2013-04-27T22:27:11","guid":{"rendered":"http:\/\/www.saitem.org\/2013t\/?page_id=2085"},"modified":"2023-06-12T21:07:44","modified_gmt":"2023-06-12T18:07:44","slug":"world-solar-challenge","status":"publish","type":"page","link":"https:\/\/www.saitem.org\/tr\/world-solar-challenge\/","title":{"rendered":"World Solar Challenge"},"content":{"rendered":"<p>&nbsp;<\/p>\n<p style=\"text-align: center;\"><img decoding=\"async\" loading=\"lazy\" class=\"aligncenter size-full wp-image-2655\" alt=\"SA\u0130TEM - World Solar Challenge\" src=\"http:\/\/www.saitem.org\/2013t\/wp-content\/uploads\/2013\/04\/SA\u0130TEM-World-Solar-Challenge.jpg\" width=\"614\" height=\"409\" srcset=\"https:\/\/www.saitem.org\/tr\/wp-content\/uploads\/2013\/04\/SA\u0130TEM-World-Solar-Challenge.jpg 614w, https:\/\/www.saitem.org\/tr\/wp-content\/uploads\/2013\/04\/SA\u0130TEM-World-Solar-Challenge-300x199.jpg 300w\" sizes=\"(max-width: 614px) 100vw, 614px\" \/><\/p>\n<p style=\"text-align: justify;\"><span style=\"color: #000000;\">\u00a0 \u00a0WSC &#8216;nin hikayesi 1983 y\u0131l\u0131na dayanmaktad\u0131r. Hans Tholstrup ad\u0131ndaki macerac\u0131 Avustralya k\u0131tas\u0131n\u0131n bat\u0131s\u0131ndan ba\u015flay\u0131p do\u011fusuna kadar kendi yapt\u0131\u011f\u0131 ilk g\u00fcne\u015f enerjisiyle \u00e7al\u0131\u015fan arac\u0131yla ge\u00e7mi\u015ftir. Bu giri\u015fimiyle g\u00fcne\u015f enerjili ara\u00e7lara dikkat \u00e7ekmeyi ba\u015faran Tholstup\u00a0 1987 y\u0131l\u0131ndan itibaren Avustralya \u2019 n\u0131n kuzeyi Darwin \u015fehrinden ba\u015flayan ve g\u00fcneyindeki\u00a0 Adelaide \u015fehrine kadar uzanan 3021 km&#8217;lik yar\u0131\u015f\u0131n do\u011fmas\u0131na \u00f6nc\u00fc olmu\u015ftur. O y\u0131llardaki teknoloji devlerinin kat\u0131ld\u0131\u011f\u0131 yar\u0131\u015fta gelecek nesil teknoloji kullan\u0131larak zorlu Avustralya yollar\u0131nda yar\u0131\u015fmalar yap\u0131lm\u0131\u015ft\u0131r.<\/span><\/p>\n<p style=\"text-align: justify;\"><span style=\"color: #000000;\">\u00a0 \u00a02 y\u0131lda bir d\u00fczenlenen bu yar\u0131\u015fa art\u0131k d\u00fcnyan\u0131n d\u00f6rt bir yan\u0131ndan, se\u00e7kin \u00fcniversite tak\u0131mlar\u0131 kat\u0131lmaktad\u0131r. 2011 y\u0131l\u0131nda 37 tak\u0131m\u0131n m\u00fccadele etti\u011fi yar\u0131\u015fta Cambridge, MIT, Tokai, Stanford gibi \u00fcniversiteler kat\u0131l\u0131rken T\u00fcrkiye&#8217;den de SA\u0130TEM dahil 3 ekip kat\u0131lm\u0131\u015ft\u0131r. D\u00fcnya bas\u0131n\u0131n\u0131n yo\u011fun ilgi g\u00f6sterdi\u011fi bu yar\u0131\u015fta tak\u0131mlar \u00e7\u00f6l yang\u0131nlar\u0131, f\u0131rt\u0131nalar, g\u00fcnd\u00fczleri a\u015f\u0131r\u0131 s\u0131cak geceleri a\u015f\u0131r\u0131 so\u011fuk hava \u015fartlar\u0131yla hem kendi aralar\u0131nda hemde zorlu ko\u015fullarla m\u00fccadele etmektedir. Tak\u0131mlar yar\u0131\u015f boyu kar\u015f\u0131la\u015ft\u0131klar\u0131 zorluklarla m\u00fccadele, tak\u0131m i\u00e7i dayan\u0131\u015fma, ekip ruhu gibi unsurlar\u0131 ba\u015far\u0131yla ger\u00e7ekle\u015ftirirken\u00a0 gelece\u011fin otomobillerini de insanlara g\u00f6sterme f\u0131rsat\u0131 buluyorlar.<\/span><\/p>\n<p style=\"text-align: justify;\"><span style=\"color: #000000;\">\u00a0 \u00a0SA\u0130TEM 2009 ve 2011 y\u0131llar\u0131nda bu yar\u0131\u015fmaya kat\u0131lm\u0131\u015ft\u0131r. SA\u0130TEM 2009 y\u0131l\u0131nda<\/span><span style=\"color: #000000;\"> SAGUAR NL<\/span><span style=\"color: #000000;\"> ile ilk kez kat\u0131ld\u0131\u011f\u0131 bu yar\u0131\u015fta D\u00fcnya 9.&#8217;lu\u011fu derecesi alm\u0131\u015ft\u0131r.Bu derece ile SAGUAR NL D\u00fcnya&#8217;n\u0131n en iyi 10 g\u00fcne\u015f arabas\u0131ndan biri olmu\u015ftur. 2011 y\u0131l\u0131nda SAGUAR 2 arac\u0131yla kat\u0131l\u0131lan bu yar\u0131\u015fmada D\u00fcnya 14.&#8217;l\u00fc\u011f\u00fc derecesi al\u0131nm\u0131\u015ft\u0131r.<\/span><\/p>\n<p style=\"text-align: justify;\"><span style=\"color: #000000;\">\u00a0<\/span><\/p>\n<p>&nbsp;<\/p>\n","protected":false},"excerpt":{"rendered":"<p>&nbsp; \u00a0 \u00a0WSC &#8216;nin hikayesi 1983 y\u0131l\u0131na dayanmaktad\u0131r. Hans Tholstrup ad\u0131ndaki macerac\u0131 Avustralya k\u0131tas\u0131n\u0131n bat\u0131s\u0131ndan ba\u015flay\u0131p do\u011fusuna kadar kendi yapt\u0131\u011f\u0131 ilk g\u00fcne\u015f enerjisiyle \u00e7al\u0131\u015fan arac\u0131yla ge\u00e7mi\u015ftir. Bu giri\u015fimiyle g\u00fcne\u015f enerjili ara\u00e7lara dikkat \u00e7ekmeyi ba\u015faran Tholstup\u00a0 1987 y\u0131l\u0131ndan itibaren Avustralya \u2019 n\u0131n kuzeyi Darwin \u015fehrinden ba\u015flayan ve g\u00fcneyindeki\u00a0 Adelaide \u015fehrine kadar uzanan 3021 km&#8217;lik yar\u0131\u015f\u0131n do\u011fmas\u0131na [&hellip;]<\/p>\n","protected":false},"author":1,"featured_media":0,"parent":0,"menu_order":0,"comment_status":"closed","ping_status":"open","template":"","meta":[],"_links":{"self":[{"href":"https:\/\/www.saitem.org\/tr\/wp-json\/wp\/v2\/pages\/2085"}],"collection":[{"href":"https:\/\/www.saitem.org\/tr\/wp-json\/wp\/v2\/pages"}],"about":[{"href":"https:\/\/www.saitem.org\/tr\/wp-json\/wp\/v2\/types\/page"}],"author":[{"embeddable":true,"href":"https:\/\/www.saitem.org\/tr\/wp-json\/wp\/v2\/users\/1"}],"replies":[{"embeddable":true,"href":"https:\/\/www.saitem.org\/tr\/wp-json\/wp\/v2\/comments?post=2085"}],"version-history":[{"count":21,"href":"https:\/\/www.saitem.org\/tr\/wp-json\/wp\/v2\/pages\/2085\/revisions"}],"predecessor-version":[{"id":5946,"href":"https:\/\/www.saitem.org\/tr\/wp-json\/wp\/v2\/pages\/2085\/revisions\/5946"}],"wp:attachment":[{"href":"https:\/\/www.saitem.org\/tr\/wp-json\/wp\/v2\/media?parent=2085"}],"curies":[{"name":"wp","href":"https:\/\/api.w.org\/{rel}","templated":true}]}}