{"id":1774,"date":"2013-04-15T23:53:19","date_gmt":"2013-04-15T20:53:19","guid":{"rendered":"http:\/\/localhost\/saitem\/tr\/?page_id=1774"},"modified":"2023-06-12T21:07:43","modified_gmt":"2023-06-12T18:07:43","slug":"saitem-hakkinda","status":"publish","type":"page","link":"https:\/\/www.saitem.org\/tr\/saitem-hakkinda\/","title":{"rendered":"SAITEM Hakk\u0131nda"},"content":{"rendered":"<h6><strong>Alternatif enerjiler ba\u015fta olmak \u00fczere \u00e7e\u015fitli teknoloji alanlar\u0131nda yenilik\u00e7i projeler ger\u00e7ekle\u015ftirmeyi kendine hedef edinmi\u015f, nitelikli bireylerin yeti\u015fmesi i\u00e7in ortam yaratan, tamamen g\u00f6n\u00fcll\u00fc olarak \u00e7al\u0131\u015fan \u00f6\u011frencilerden olu\u015fan bir teknoloji uygulama toplulu\u011fudur.<\/strong><\/h6>\n<h6><img decoding=\"async\" loading=\"lazy\" width=\"300\" height=\"170\" class=\"alignright  wp-image-2015\" src=\"https:\/\/www.saitem.org\/tr\/wp-content\/uploads\/2013\/04\/saitem-300x170.jpg\" alt=\"saitem\" srcset=\"https:\/\/www.saitem.org\/tr\/wp-content\/uploads\/2013\/04\/saitem-300x170.jpg 300w, https:\/\/www.saitem.org\/tr\/wp-content\/uploads\/2013\/04\/saitem.jpg 330w\" sizes=\"(max-width: 300px) 100vw, 300px\" \/><strong>SA\u0130TEM \u00e7at\u0131s\u0131 alt\u0131nda bug\u00fcn, pek \u00e7ok farkl\u0131 proje ger\u00e7ekle\u015ftirilmektedir. Bunlardan baz\u0131lar\u0131; Sakarya G\u00fcne\u015f Arabas\u0131 (SAGUAR), Sakarya Hidro Mobil (SAHIMO), Sakarya G\u00fcne\u015f Teknesi (SATEK), Sakarya \u00dcniversitesi Elektrikli Arabas\u0131 (EVR\u0130M), Sakarya Al\u00e7ak \u0130rtifa Test Uydusu (SATU)\u2019dur.<\/strong><\/h6>\n<h6><strong>Projelerin say\u0131s\u0131, b\u00fcy\u00fckl\u00fc\u011f\u00fc ve hitap etti\u011fi kitle geni\u015fledik\u00e7e SA\u0130TEM\u2019deki \u00fcye say\u0131s\u0131 da artm\u0131\u015ft\u0131r. Farkl\u0131 disiplinlerdeki \u00f6\u011frenciler SA\u0130TEM \u00e7at\u0131s\u0131 alt\u0131nda toplanarak, kurumsal bir yap\u0131 meydana getirmektedirler.<\/strong><\/h6>\n<h6><strong>G\u00fcn\u00fcm\u00fczde SA\u0130TEM ekibi; y\u00f6netim, sponsorluk ve kurumsal ili\u015fkiler, bas\u0131n-tan\u0131t\u0131m-organizasyon ve teknik ekip olmak \u00fczere d\u00f6rt ana \u00e7al\u0131\u015fma grubuna ayr\u0131lm\u0131\u015ft\u0131r. Bu sayede projelerin her noktas\u0131, o konuda e\u011fitim alan \u00f6\u011frenciler taraf\u0131ndan ger\u00e7ekle\u015ftirilmektedir.<\/strong><\/h6>\n<h6><strong>Ger\u00e7ekle\u015ftirilen ana projelerin alt\u0131nda, alt projeler olu\u015fturularak Ar-Ge ve \u00dcr-Ge \u00e7al\u0131\u015fmalar\u0131na yo\u011fun emek sarf edilmektedir. Bu \u015fekilde d\u00fcnya \u00fcniversiteleri ile rekabet edebilecek ara\u00e7lar geli\u015ftirilmektedir. Ayr\u0131ca alt projeler alt\u0131nda ger\u00e7ekle\u015ftirilen bireysel \u00e7al\u0131\u015fmalar sayesinde de giri\u015fimcilik ve yenilik\u00e7ilik, SA\u0130TEM \u00fcyelerinin bir ya\u015fam bi\u00e7imi olmaktad\u0131r.<\/strong><\/h6>\n<h2><strong>Tarih\u00e7esi<\/strong><\/h2>\n<h6><strong>2003 y\u0131l\u0131nda Sakarya \u00dcniversitesi M\u00fchendislik Fak\u00fcltesi b\u00fcnyesinde verilen \u00c7evre ve Enerji dersinde, alternatif enerjiler konusu i\u015flenirken, Ersin Arslan&#8217;\u0131n G\u00fcne\u015f ve Hidrojen Arabalar\u0131 ile ilgili yapt\u0131\u011f\u0131 sunumun ard\u0131ndan, SA\u0130TEM\u2019in kurucular\u0131 Ersin Arslan ve Kadir Tamkaya, T\u00dcB\u0130TAK Bilim ve Teknik Dergisi\u00a0taraf\u0131ndan \u00e7a\u011fr\u0131s\u0131 yap\u0131lan g\u00fcne\u015f enerjili arabalar yar\u0131\u015f\u0131na kat\u0131lmak i\u00e7in tak\u0131m kurmay\u0131 kararla\u015ft\u0131rd\u0131lar. Bunun \u00fczerine yo\u011fun bir ara\u015ft\u0131rma s\u00fcrecinin ard\u0131ndan g\u00fcne\u015f arabas\u0131 tasar\u0131mlar\u0131na ba\u015fland\u0131. \u0130lk tasar\u0131mlar o y\u0131llarda sanayinin ve giri\u015fimcilerin konuya uzak olmalar\u0131ndan dolay\u0131 maddi imkans\u0131zl\u0131klar ile kar\u015f\u0131la\u015ft\u0131. Maddi girdilerin sa\u011flanmas\u0131 ve g\u00fcne\u015f enerjili ara\u00e7 tasar\u0131mlar\u0131n\u0131n tamamlanmas\u0131yla birlikte 2005 y\u0131l\u0131nda ilk g\u00fcne\u015f enerjili ara\u00e7 SAGUAR X4 \u00fcretildi.<\/strong><\/h6>\n<h6><strong>2005 y\u0131l\u0131nda T\u00dcB\u0130TAK&#8217;\u0131n yapt\u0131\u011f\u0131 \u00e7a\u011fr\u0131 \u00fczerine T\u00fcrkiye&#8217;nin ilk g\u00fcne\u015f enerjili ara\u00e7lar yar\u0131\u015f\u0131na kat\u0131lan X4, sadece 17.000 TL\u2019lik b\u00fct\u00e7esine ra\u011fmen yar\u0131\u015f\u0131 16 ekip aras\u0131nda 4. olarak tamamlama ba\u015far\u0131s\u0131n\u0131 g\u00f6sterdi.<\/strong><\/h6>\n<h6><strong>Ekibin ilk ismi, ilk g\u00fcne\u015f enerjili ara\u00e7 olan SAGUAR ile ayn\u0131yd\u0131. 2006 y\u0131l\u0131nda ekibin vizyonunun geni\u015flemesiyle ad\u0131 \u201cSakarya \u00dcniversitesi \u0130leri Teknolojiler Uygulama Toplulu\u011fu (SA\u0130TEM)\u201d olarak de\u011fi\u015ftirilmi\u015ftir.<\/strong><\/h6>\n<h6><strong>T\u00fcrkiye\u2019de 2005\u2019den g\u00fcn\u00fcm\u00fcze kadar d\u00fczenlenen yar\u0131\u015flarda her zaman derece beklenen SAGUAR, bu beklentileri kar\u015f\u0131lam\u0131\u015ft\u0131r. Nitekim 2005 y\u0131l\u0131nda T\u00fcrkiye 4.l\u00fc\u011f\u00fc, 2006 y\u0131l\u0131nda grup 1.li\u011fi \u2013 T\u00fcrkiye 2.li\u011fi, 2007 y\u0131l\u0131nda T\u00fcrkiye 3.l\u00fc\u011f\u00fc, 2008 y\u0131l\u0131nda En \u0130yi Tasar\u0131m \u00d6d\u00fcl\u00fc, 2010 y\u0131l\u0131nda T\u00fcrkiye 2.li\u011fi derecelerini elde etmi\u015ftir.<\/strong><\/h6>\n<h6><strong>2006 y\u0131l\u0131nda, eski rekt\u00f6r\u00fcm\u00fcz Prof. Dr. Mehmet Durman\u2019\u0131n iste\u011fi ve \u00f6nerisiyle T\u00fcrkiye\u2019nin ilk g\u00fcne\u015f enerjisiyle \u00e7al\u0131\u015fan tekne projesi ba\u015flat\u0131ld\u0131. Sapanca G\u00f6l\u00fc\u2019nde deneme s\u00fcr\u00fc\u015fleri yap\u0131lan SATEK, 10 deniz mili h\u0131za ula\u015f\u0131rken, 5 ki\u015fi ta\u015f\u0131ma kapasitesine sahip g\u00fcnl\u00fck hayatta rahatl\u0131kla kullan\u0131labilecek bir tekne olarak hayata ge\u00e7irildi.<\/strong><\/h6>\n<h6><strong>Tarihler 2007\u2019nin Ocak ay\u0131n\u0131 g\u00f6sterirken, SA\u0130TEM b\u00fcnyesinde hidrojen enerjili ara\u00e7 projesi g\u00fcndeme geldi. Teknik fizibilitenin tamamlanmas\u0131n\u0131n ard\u0131ndan projenin ger\u00e7ekle\u015ftirilmesi karar\u0131 al\u0131nd\u0131. Hidrojen enerjili araca ise Sakarya Hidro Mobil\u2019in ilk iki harflerinin al\u0131nmas\u0131yla SAHIMO ismi verildi. SAHIMO ilk olarak T\u00fcbitak\u2019\u0131n d\u00fczenledi\u011fi hidrojen enerjili ara\u00e7lar yar\u0131\u015f\u0131na kat\u0131ld\u0131. Ard\u0131ndan Avrupa\u2019n\u0131n \u00e7e\u015fitli kentlerinde d\u00fczenlenen Avrupa Enerji Ekonomisi Yar\u0131\u015flar\u0131\u2019na (Shell Eco Marathon) kat\u0131lmak \u00fczere 2008 y\u0131l\u0131nda yeniden tasarlanan SAHIMO ile 24 y\u0131ld\u0131r d\u00fczenlenen yar\u0131\u015fta ilk defa bir T\u00fcrk ekibi dereceye girdi. 1 lt benzine kar\u015f\u0131l\u0131k gelen hidrojenle 453 km yol kat eden SAHIMO X3 Avrupa 3.s\u00fc oldu.<\/strong><\/h6>\n<h6><strong>Bu ba\u015far\u0131 2009 y\u0131l\u0131nda geli\u015ftirilerek tekrarlan\u0131rken, 1 lt benzin kar\u015f\u0131l\u0131\u011f\u0131 hidrojenle SAHIMO X4 tekrar Avrupa 3.s\u00fc oldu.<\/strong><\/h6>\n<h6><strong>\u0130ki y\u0131l \u00fcst \u00fcste Avrupa 3.l\u00fc\u011f\u00fcn\u00fcn ard\u0131ndan hedeflerini daha da b\u00fcy\u00fcten SA\u0130TEM 2009 y\u0131l\u0131nda Avustralya\u2019da d\u00fczenlenen d\u00fcnyan\u0131n en prestijli g\u00fcne\u015f arabalar\u0131 yar\u0131\u015f\u0131 Australia World Solar Challenge\u2019a kat\u0131lmak i\u00e7in yeni nesil g\u00fcne\u015f arabas\u0131 SAGUAR 1 \u2018i tasarlad\u0131.<\/strong><\/h6>\n<h6><strong>Daha \u00f6nce hi\u00e7bir T\u00fcrk ekibinin kat\u0131lamad\u0131\u011f\u0131 WSC\u2019ye ilk kat\u0131l\u0131ma ra\u011fmen kendi klasman\u0131nda d\u00fcnya 9.su olan SAGUAR 1, SA\u0130TEM\u2019in ve T\u00fcrkiye\u2019nin gurur kayna\u011f\u0131 oldu.<\/strong><\/h6>\n<h6><strong>\u00c7al\u0131\u015fmalar\u0131na h\u0131z kesmeden devam eden SA\u0130TEM, geli\u015fmeye ve b\u00fcy\u00fcmeye devam ediyor.<\/strong><\/h6>\n<h2>\u00d6zg\u00f6rev<\/h2>\n<h6><strong>T\u00fcrkiye&#8217;nin enerji potansiyelini etkin bir bi\u00e7imde kullanabilme, petrol ba\u011f\u0131ml\u0131l\u0131\u011f\u0131n\u0131 azaltma ve do\u011faya zarar vermeden konforlu ya\u015fam\u0131 s\u00fcrd\u00fcrme g\u00f6revine katk\u0131da bulunan projeler ba\u015fta olmak \u00fczere teorik bilgiyi m\u00fchendislik \u00fcr\u00fcnlerine d\u00f6n\u00fc\u015ft\u00fcrecek t\u00fcm projeler i\u00e7in Sakarya \u00dcniversitesi \u00f6\u011frencilerine \u00e7al\u0131\u015fma ortam\u0131 yaratma ve ayn\u0131 do\u011frultuda \u00e7al\u0131\u015fabilecek di\u011fer \u00f6\u011frenciler ile ayn\u0131 \u00e7at\u0131da bulu\u015fma amac\u0131n\u0131 ta\u015f\u0131maktad\u0131r.<\/strong><\/h6>\n<h2><strong>\u00d6zg\u00f6r\u00fc\u015f<\/strong><\/h2>\n<ul>\n<li>\n<h6><strong>Geli\u015ftirdi\u011fi projelerle ad\u0131n\u0131, bilgi ve becerisini t\u00fcm T\u00fcrkiye&#8217;ye ve D\u00fcnya&#8217;ya duyuran,<\/strong><\/h6>\n<\/li>\n<li>\n<h6><strong>Yenilenebilir enerji kaynaklar\u0131 ile ilgili ileri teknolojilerin uygulanmas\u0131nda ba\u015fvuru toplulu\u011fu olan,<\/strong><\/h6>\n<\/li>\n<li>\n<h6><strong>Sahip oldu\u011fu amat\u00f6r ruhla profesyonel \u00fcr\u00fcnler ortaya koyabilen,<\/strong><\/h6>\n<\/li>\n<li>\n<h6><strong>K\u00fcresel ve yerel sorumluluklar\u0131n\u0131n fark\u0131nda, tak\u0131m \u00e7al\u0131\u015fmas\u0131n\u0131n \u00f6nemini bilen ve bunu sahip oldu\u011fu birlik, beraberlik, kat\u0131l\u0131mc\u0131l\u0131k ruhuyla g\u00fc\u00e7lendiren,<\/strong><\/h6>\n<\/li>\n<li>\n<h6><strong>M\u00fchendislik genel tan\u0131m\u0131 ve prensipleri \u00fczerinde, toplumuna ve gelece\u011fine katk\u0131da bulunmak isteyen,<\/strong><\/h6>\n<\/li>\n<li>\n<h6><strong>T\u00fcrkiye&#8217;nin m\u00fcreffeh yar\u0131nlara ve \u00e7a\u011fda\u015f medeniyetler seviyesinin \u00fczerine \u00e7\u0131kmas\u0131 i\u00e7in \u00e7aba sarf eden,<\/strong><\/h6>\n<\/li>\n<li>\n<h6><strong>\u00c7al\u0131\u015fmalar\u0131nda, amat\u00f6rl\u00fc\u011f\u00fc ve g\u00f6n\u00fcll\u00fcl\u00fc\u011f\u00fc koruyarak bilgisini t\u00fcm insanl\u0131\u011f\u0131n payla\u015f\u0131m\u0131na a\u00e7maya \u00e7al\u0131\u015fan bir topluluk olmakt\u0131r.<\/strong><\/h6>\n<\/li>\n<\/ul>\n","protected":false},"excerpt":{"rendered":"<p>Alternatif enerjiler ba\u015fta olmak \u00fczere \u00e7e\u015fitli teknoloji alanlar\u0131nda yenilik\u00e7i projeler ger\u00e7ekle\u015ftirmeyi kendine hedef edinmi\u015f, nitelikli bireylerin yeti\u015fmesi i\u00e7in ortam yaratan, tamamen g\u00f6n\u00fcll\u00fc olarak \u00e7al\u0131\u015fan \u00f6\u011frencilerden olu\u015fan bir teknoloji uygulama toplulu\u011fudur. SA\u0130TEM \u00e7at\u0131s\u0131 alt\u0131nda bug\u00fcn, pek \u00e7ok farkl\u0131 proje ger\u00e7ekle\u015ftirilmektedir. Bunlardan baz\u0131lar\u0131; Sakarya G\u00fcne\u015f Arabas\u0131 (SAGUAR), Sakarya Hidro Mobil (SAHIMO), Sakarya G\u00fcne\u015f Teknesi (SATEK), Sakarya \u00dcniversitesi [&hellip;]<\/p>\n","protected":false},"author":1,"featured_media":0,"parent":0,"menu_order":0,"comment_status":"closed","ping_status":"closed","template":"","meta":[],"_links":{"self":[{"href":"https:\/\/www.saitem.org\/tr\/wp-json\/wp\/v2\/pages\/1774"}],"collection":[{"href":"https:\/\/www.saitem.org\/tr\/wp-json\/wp\/v2\/pages"}],"about":[{"href":"https:\/\/www.saitem.org\/tr\/wp-json\/wp\/v2\/types\/page"}],"author":[{"embeddable":true,"href":"https:\/\/www.saitem.org\/tr\/wp-json\/wp\/v2\/users\/1"}],"replies":[{"embeddable":true,"href":"https:\/\/www.saitem.org\/tr\/wp-json\/wp\/v2\/comments?post=1774"}],"version-history":[{"count":18,"href":"https:\/\/www.saitem.org\/tr\/wp-json\/wp\/v2\/pages\/1774\/revisions"}],"predecessor-version":[{"id":5427,"href":"https:\/\/www.saitem.org\/tr\/wp-json\/wp\/v2\/pages\/1774\/revisions\/5427"}],"wp:attachment":[{"href":"https:\/\/www.saitem.org\/tr\/wp-json\/wp\/v2\/media?parent=1774"}],"curies":[{"name":"wp","href":"https:\/\/api.w.org\/{rel}","templated":true}]}}